{"id":662,"date":"2015-06-08T14:43:33","date_gmt":"2015-06-08T12:43:33","guid":{"rendered":"http:\/\/www.lindenhausen.de\/blog\/?page_id=662"},"modified":"2015-06-09T16:36:55","modified_gmt":"2015-06-09T14:36:55","slug":"stuttgart-kirchentag-2015-freitag","status":"publish","type":"page","link":"http:\/\/www.lindenhausen.de\/blog\/reiseberichte-landurlaub\/stuttgart-kirchentag-2015-mittwoch\/stuttgart-kirchentag-2015-freitag\/","title":{"rendered":"Stuttgart -Kirchentag 2015 Freitag"},"content":{"rendered":"<p><em>W\u00e4hrend ich hier diese Zeilen tippe, sitze ich wieder am Rathaus, es ist Samstag 18:00 Unr und nebenan auf der B\u00fchne wird das Abendgebet &#8222;zur Sache&#8220; vorbereitet. Die Glocken der Stiftskirche l\u00e4uten und ein Blick auf die Tagesthemen hier sagt das es um die Proteste am G7 Gipfel, den Tag der Organspende und den Besuch von Kofi Annan hier beim Kirchentag gehen wird.<\/em><\/p>\n<p><em>Die M\u00e4dels haben sich ein Eis erk\u00e4mpft und sitzen ganz zufrieden neben mir.<\/em><\/p>\n<p><em>So langsam sind die vielen tollen Eindr\u00fccke nicht mehr zu verarbeiten und dennoch, 2 Tage m\u00fcssten wir noch haben um auch nur ann\u00e4hernd alles gesehen zu haben.<\/em><\/p>\n<p><em>Wir haben es wieder nicht geschafft an einer Bibelarbeit teilzunehmen, das Planspiel fiel der W\u00e4rme zu Opfer und die Kirchenkabaretts waren zu \u00fcberf\u00fcllt, da h\u00e4tte keine Maus mehr Platz gehabt.<\/em><\/p>\n<p><em>Aber zur\u00fcck zum Freitag.<\/em><\/p>\n<p>Unsere Zimmernachbarn sind Fr\u00fchaufsteher, wir schafften es mit knapper Not 7:30 aus dem Schlafsack, leider ist damit das Duschwasser auch nur noch lauwarm, ich dann aber auch munter. Es ist doch nicht so schlecht, dass es nicht auch wieder f\u00fcr etwas gut ist.<\/p>\n<p>Fr\u00fchst\u00fcck und dann ab in die Stadt. Die Jugend wollte endlich zum shoppen.<\/p>\n<p>Den Rest kennt Ihr ja schon, ich habe einfach geschw\u00e4nzt und daf\u00fcr diesen Blog begonnen.<\/p>\n<p>Dann aber rief das offene Singen mit den Wise Guys, diesesmal im Stadtgarten, da konnte auch dieses Agebot mich nicht aufhalten:<\/p>\n<figure id=\"attachment_727\" aria-describedby=\"caption-attachment-727\" style=\"width: 225px\" class=\"wp-caption alignnone\"><a href=\"http:\/\/www.lindenhausen.de\/blog\/wp-content\/uploads\/2015\/06\/IMG_5834-e1433845459230.jpg\"><img decoding=\"async\" loading=\"lazy\" class=\"size-medium wp-image-727\" src=\"http:\/\/www.lindenhausen.de\/blog\/wp-content\/uploads\/2015\/06\/IMG_5834-e1433845459230-225x300.jpg\" alt=\"VERDI\" width=\"225\" height=\"300\" srcset=\"http:\/\/www.lindenhausen.de\/blog\/wp-content\/uploads\/2015\/06\/IMG_5834-e1433845459230-225x300.jpg 225w, http:\/\/www.lindenhausen.de\/blog\/wp-content\/uploads\/2015\/06\/IMG_5834-e1433845459230.jpg 750w\" sizes=\"(max-width: 225px) 100vw, 225px\" \/><\/a><figcaption id=\"caption-attachment-727\" class=\"wp-caption-text\">VERDI<\/figcaption><\/figure>\n<p>Dort wartete meine Gruppe schon auf mich, sie hatten sich einen schattigen Platz gesucht. Auch die Regensburger kamen sp\u00e4ter dazu.<\/p>\n<p>Kirchenlieder singen ist eine langweilige Angelegenheit? Nicht hier, da kann man auch einen alten Choral ausgraben, wenn die, die mit uns singen, die Sch\u00f6nheit dieses Liedes aufzeigen, uns dazu bringen es auch mal mit anderen Stimmlagen zu probieren und etwa 2000 Menschen einen Chor miteinander bilden ohne sich zu kennen&#8230;..dann ist offenes Singen und so mancher findet auch einen ganz neuen Blick auf den alten Bach.<\/p>\n<p><iframe loading=\"lazy\" width=\"604\" height=\"340\" src=\"https:\/\/www.youtube.com\/embed\/-lKfVo5B960?feature=oembed\" frameborder=\"0\" allowfullscreen><\/iframe><\/p>\n<p>Das am Schlu\u00df auch das eine und andere Wise Guys Lied dazukam ist super und mit &#8222;Jetzt ist Sommer&#8220; ging auch dieser Programmmpunkt zu Ende.<\/p>\n<div id='gallery-1' class='gallery galleryid-662 gallery-columns-3 gallery-size-medium'><figure class='gallery-item'>\n\t\t\t<div class='gallery-icon landscape'>\n\t\t\t\t<a href='http:\/\/www.lindenhausen.de\/blog\/reiseberichte-landurlaub\/stuttgart-kirchentag-2015-mittwoch\/stuttgart-kirchentag-2015-freitag\/dsc_0594\/'><img width=\"300\" height=\"199\" src=\"http:\/\/www.lindenhausen.de\/blog\/wp-content\/uploads\/2015\/06\/DSC_0594-300x199.jpg\" class=\"attachment-medium size-medium\" alt=\"\" decoding=\"async\" loading=\"lazy\" aria-describedby=\"gallery-1-718\" srcset=\"http:\/\/www.lindenhausen.de\/blog\/wp-content\/uploads\/2015\/06\/DSC_0594-300x199.jpg 300w, http:\/\/www.lindenhausen.de\/blog\/wp-content\/uploads\/2015\/06\/DSC_0594-1024x678.jpg 1024w, http:\/\/www.lindenhausen.de\/blog\/wp-content\/uploads\/2015\/06\/DSC_0594-e1433844884750.jpg 1000w\" sizes=\"(max-width: 300px) 100vw, 300px\" \/><\/a>\n\t\t\t<\/div>\n\t\t\t\t<figcaption class='wp-caption-text gallery-caption' id='gallery-1-718'>\n\t\t\t\toffenes Singen\n\t\t\t\t<\/figcaption><\/figure><figure class='gallery-item'>\n\t\t\t<div class='gallery-icon landscape'>\n\t\t\t\t<a href='http:\/\/www.lindenhausen.de\/blog\/reiseberichte-landurlaub\/stuttgart-kirchentag-2015-mittwoch\/stuttgart-kirchentag-2015-freitag\/dsc_0593\/'><img width=\"300\" height=\"199\" src=\"http:\/\/www.lindenhausen.de\/blog\/wp-content\/uploads\/2015\/06\/DSC_0593-300x199.jpg\" class=\"attachment-medium size-medium\" alt=\"\" decoding=\"async\" loading=\"lazy\" aria-describedby=\"gallery-1-717\" srcset=\"http:\/\/www.lindenhausen.de\/blog\/wp-content\/uploads\/2015\/06\/DSC_0593-300x199.jpg 300w, http:\/\/www.lindenhausen.de\/blog\/wp-content\/uploads\/2015\/06\/DSC_0593-1024x678.jpg 1024w, http:\/\/www.lindenhausen.de\/blog\/wp-content\/uploads\/2015\/06\/DSC_0593-e1433844839461.jpg 1000w\" sizes=\"(max-width: 300px) 100vw, 300px\" \/><\/a>\n\t\t\t<\/div>\n\t\t\t\t<figcaption class='wp-caption-text gallery-caption' id='gallery-1-717'>\n\t\t\t\toffenes Singen\n\t\t\t\t<\/figcaption><\/figure><figure class='gallery-item'>\n\t\t\t<div class='gallery-icon landscape'>\n\t\t\t\t<a href='http:\/\/www.lindenhausen.de\/blog\/reiseberichte-landurlaub\/stuttgart-kirchentag-2015-mittwoch\/stuttgart-kirchentag-2015-freitag\/dsc_0592\/'><img width=\"300\" height=\"199\" src=\"http:\/\/www.lindenhausen.de\/blog\/wp-content\/uploads\/2015\/06\/DSC_0592-300x199.jpg\" class=\"attachment-medium size-medium\" alt=\"\" decoding=\"async\" loading=\"lazy\" aria-describedby=\"gallery-1-716\" srcset=\"http:\/\/www.lindenhausen.de\/blog\/wp-content\/uploads\/2015\/06\/DSC_0592-300x199.jpg 300w, http:\/\/www.lindenhausen.de\/blog\/wp-content\/uploads\/2015\/06\/DSC_0592-1024x678.jpg 1024w, http:\/\/www.lindenhausen.de\/blog\/wp-content\/uploads\/2015\/06\/DSC_0592-e1433844824287.jpg 1000w\" sizes=\"(max-width: 300px) 100vw, 300px\" \/><\/a>\n\t\t\t<\/div>\n\t\t\t\t<figcaption class='wp-caption-text gallery-caption' id='gallery-1-716'>\n\t\t\t\toffenes Singen\n\t\t\t\t<\/figcaption><\/figure>\n\t\t<\/div>\n\n<p>Die Jugend machte sich auf den Weg zum Zentrum Jugend und wollten danach auf das Konzert von Andreas Bourani- Kathi sitzt mir gerade gegen\u00fcber und sagt &#8222;Es war spitze&#8220;<br \/>\nIch hatte geplant ein Kirchenkabarett zu besuchen, ein wenig sich selber auf die Schippe nehmen kann bei soviel Harmonie nicht schaden.<br \/>\nVorher noch ein Abstecher zur Markthalle, f\u00fcr mich einer der h\u00fcbschesten Orte hier in Stuttgart.<br \/>\nBei Tapas und einen k\u00fchlen Wei\u00dfwein kamen die Lebensgeister auch schnell wieder.<\/p>\n<p><div id='gallery-2' class='gallery galleryid-662 gallery-columns-4 gallery-size-medium'><figure class='gallery-item'>\n\t\t\t<div class='gallery-icon landscape'>\n\t\t\t\t<a href='http:\/\/www.lindenhausen.de\/blog\/reiseberichte-landurlaub\/stuttgart-kirchentag-2015-mittwoch\/stuttgart-kirchentag-2015-freitag\/dsc_0586\/'><img width=\"300\" height=\"199\" src=\"http:\/\/www.lindenhausen.de\/blog\/wp-content\/uploads\/2015\/06\/DSC_0586-300x199.jpg\" class=\"attachment-medium size-medium\" alt=\"\" decoding=\"async\" loading=\"lazy\" aria-describedby=\"gallery-2-720\" srcset=\"http:\/\/www.lindenhausen.de\/blog\/wp-content\/uploads\/2015\/06\/DSC_0586-300x199.jpg 300w, http:\/\/www.lindenhausen.de\/blog\/wp-content\/uploads\/2015\/06\/DSC_0586-1024x678.jpg 1024w, http:\/\/www.lindenhausen.de\/blog\/wp-content\/uploads\/2015\/06\/DSC_0586-e1433845602265.jpg 1000w\" sizes=\"(max-width: 300px) 100vw, 300px\" \/><\/a>\n\t\t\t<\/div>\n\t\t\t\t<figcaption class='wp-caption-text gallery-caption' id='gallery-2-720'>\n\t\t\t\tSchlo\u00dfplatz\n\t\t\t\t<\/figcaption><\/figure><figure class='gallery-item'>\n\t\t\t<div class='gallery-icon landscape'>\n\t\t\t\t<a href='http:\/\/www.lindenhausen.de\/blog\/reiseberichte-landurlaub\/stuttgart-kirchentag-2015-mittwoch\/stuttgart-kirchentag-2015-freitag\/dsc_0589-2\/'><img width=\"300\" height=\"199\" src=\"http:\/\/www.lindenhausen.de\/blog\/wp-content\/uploads\/2015\/06\/DSC_0589-300x199.jpg\" class=\"attachment-medium size-medium\" alt=\"\" decoding=\"async\" loading=\"lazy\" aria-describedby=\"gallery-2-722\" srcset=\"http:\/\/www.lindenhausen.de\/blog\/wp-content\/uploads\/2015\/06\/DSC_0589-300x199.jpg 300w, http:\/\/www.lindenhausen.de\/blog\/wp-content\/uploads\/2015\/06\/DSC_0589-1024x678.jpg 1024w, http:\/\/www.lindenhausen.de\/blog\/wp-content\/uploads\/2015\/06\/DSC_0589-e1433845572838.jpg 1000w\" sizes=\"(max-width: 300px) 100vw, 300px\" \/><\/a>\n\t\t\t<\/div>\n\t\t\t\t<figcaption class='wp-caption-text gallery-caption' id='gallery-2-722'>\n\t\t\t\tSchlo\u00dfplatz\n\t\t\t\t<\/figcaption><\/figure><figure class='gallery-item'>\n\t\t\t<div class='gallery-icon portrait'>\n\t\t\t\t<a href='http:\/\/www.lindenhausen.de\/blog\/reiseberichte-landurlaub\/stuttgart-kirchentag-2015-mittwoch\/stuttgart-kirchentag-2015-freitag\/dsc_0590\/'><img width=\"199\" height=\"300\" src=\"http:\/\/www.lindenhausen.de\/blog\/wp-content\/uploads\/2015\/06\/DSC_0590-e1433845558920-199x300.jpg\" class=\"attachment-medium size-medium\" alt=\"\" decoding=\"async\" loading=\"lazy\" aria-describedby=\"gallery-2-723\" srcset=\"http:\/\/www.lindenhausen.de\/blog\/wp-content\/uploads\/2015\/06\/DSC_0590-e1433845558920-199x300.jpg 199w, http:\/\/www.lindenhausen.de\/blog\/wp-content\/uploads\/2015\/06\/DSC_0590-e1433845558920.jpg 662w\" sizes=\"(max-width: 199px) 100vw, 199px\" \/><\/a>\n\t\t\t<\/div>\n\t\t\t\t<figcaption class='wp-caption-text gallery-caption' id='gallery-2-723'>\n\t\t\t\tZentrum Reformation\n\t\t\t\t<\/figcaption><\/figure><figure class='gallery-item'>\n\t\t\t<div class='gallery-icon landscape'>\n\t\t\t\t<a href='http:\/\/www.lindenhausen.de\/blog\/reiseberichte-landurlaub\/stuttgart-kirchentag-2015-mittwoch\/stuttgart-kirchentag-2015-freitag\/dsc_0591-2\/'><img width=\"300\" height=\"199\" src=\"http:\/\/www.lindenhausen.de\/blog\/wp-content\/uploads\/2015\/06\/DSC_0591-300x199.jpg\" class=\"attachment-medium size-medium\" alt=\"\" decoding=\"async\" loading=\"lazy\" aria-describedby=\"gallery-2-724\" srcset=\"http:\/\/www.lindenhausen.de\/blog\/wp-content\/uploads\/2015\/06\/DSC_0591-300x199.jpg 300w, http:\/\/www.lindenhausen.de\/blog\/wp-content\/uploads\/2015\/06\/DSC_0591-1024x678.jpg 1024w, http:\/\/www.lindenhausen.de\/blog\/wp-content\/uploads\/2015\/06\/DSC_0591-e1433845512331.jpg 1000w\" sizes=\"(max-width: 300px) 100vw, 300px\" \/><\/a>\n\t\t\t<\/div>\n\t\t\t\t<figcaption class='wp-caption-text gallery-caption' id='gallery-2-724'>\n\t\t\t\tStiftskirche\n\t\t\t\t<\/figcaption><\/figure><figure class='gallery-item'>\n\t\t\t<div class='gallery-icon portrait'>\n\t\t\t\t<a href='http:\/\/www.lindenhausen.de\/blog\/reiseberichte-landurlaub\/stuttgart-kirchentag-2015-mittwoch\/stuttgart-kirchentag-2015-freitag\/dsc_0598-2\/'><img width=\"199\" height=\"300\" src=\"http:\/\/www.lindenhausen.de\/blog\/wp-content\/uploads\/2015\/06\/DSC_0598-e1433845494683-199x300.jpg\" class=\"attachment-medium size-medium\" alt=\"\" decoding=\"async\" loading=\"lazy\" aria-describedby=\"gallery-2-725\" srcset=\"http:\/\/www.lindenhausen.de\/blog\/wp-content\/uploads\/2015\/06\/DSC_0598-e1433845494683-199x300.jpg 199w, http:\/\/www.lindenhausen.de\/blog\/wp-content\/uploads\/2015\/06\/DSC_0598-e1433845494683.jpg 662w\" sizes=\"(max-width: 199px) 100vw, 199px\" \/><\/a>\n\t\t\t<\/div>\n\t\t\t\t<figcaption class='wp-caption-text gallery-caption' id='gallery-2-725'>\n\t\t\t\tStiftskirche\n\t\t\t\t<\/figcaption><\/figure><figure class='gallery-item'>\n\t\t\t<div class='gallery-icon landscape'>\n\t\t\t\t<a href='http:\/\/www.lindenhausen.de\/blog\/reiseberichte-landurlaub\/stuttgart-kirchentag-2015-mittwoch\/stuttgart-kirchentag-2015-freitag\/dsc_0601-2\/'><img width=\"300\" height=\"199\" src=\"http:\/\/www.lindenhausen.de\/blog\/wp-content\/uploads\/2015\/06\/DSC_0601-300x199.jpg\" class=\"attachment-medium size-medium\" alt=\"\" decoding=\"async\" loading=\"lazy\" aria-describedby=\"gallery-2-726\" srcset=\"http:\/\/www.lindenhausen.de\/blog\/wp-content\/uploads\/2015\/06\/DSC_0601-300x199.jpg 300w, http:\/\/www.lindenhausen.de\/blog\/wp-content\/uploads\/2015\/06\/DSC_0601-1024x678.jpg 1024w, http:\/\/www.lindenhausen.de\/blog\/wp-content\/uploads\/2015\/06\/DSC_0601-e1433845473729.jpg 1000w\" sizes=\"(max-width: 300px) 100vw, 300px\" \/><\/a>\n\t\t\t<\/div>\n\t\t\t\t<figcaption class='wp-caption-text gallery-caption' id='gallery-2-726'>\n\t\t\t\tMarkthalle\n\t\t\t\t<\/figcaption><\/figure><figure class='gallery-item'>\n\t\t\t<div class='gallery-icon portrait'>\n\t\t\t\t<a href='http:\/\/www.lindenhausen.de\/blog\/reiseberichte-landurlaub\/stuttgart-kirchentag-2015-mittwoch\/stuttgart-kirchentag-2015-freitag\/img_5841\/'><img width=\"225\" height=\"300\" src=\"http:\/\/www.lindenhausen.de\/blog\/wp-content\/uploads\/2015\/06\/IMG_5841-e1433845436189-225x300.jpg\" class=\"attachment-medium size-medium\" alt=\"\" decoding=\"async\" loading=\"lazy\" aria-describedby=\"gallery-2-728\" srcset=\"http:\/\/www.lindenhausen.de\/blog\/wp-content\/uploads\/2015\/06\/IMG_5841-e1433845436189-225x300.jpg 225w, http:\/\/www.lindenhausen.de\/blog\/wp-content\/uploads\/2015\/06\/IMG_5841-e1433845436189.jpg 750w\" sizes=\"(max-width: 225px) 100vw, 225px\" \/><\/a>\n\t\t\t<\/div>\n\t\t\t\t<figcaption class='wp-caption-text gallery-caption' id='gallery-2-728'>\n\t\t\t\tTapas\n\t\t\t\t<\/figcaption><\/figure><figure class='gallery-item'>\n\t\t\t<div class='gallery-icon landscape'>\n\t\t\t\t<a href='http:\/\/www.lindenhausen.de\/blog\/reiseberichte-landurlaub\/stuttgart-kirchentag-2015-mittwoch\/stuttgart-kirchentag-2015-freitag\/dsc_0607-2\/'><img width=\"300\" height=\"199\" src=\"http:\/\/www.lindenhausen.de\/blog\/wp-content\/uploads\/2015\/06\/DSC_0607-300x199.jpg\" class=\"attachment-medium size-medium\" alt=\"\" decoding=\"async\" loading=\"lazy\" aria-describedby=\"gallery-2-730\" srcset=\"http:\/\/www.lindenhausen.de\/blog\/wp-content\/uploads\/2015\/06\/DSC_0607-300x199.jpg 300w, http:\/\/www.lindenhausen.de\/blog\/wp-content\/uploads\/2015\/06\/DSC_0607-1024x678.jpg 1024w, http:\/\/www.lindenhausen.de\/blog\/wp-content\/uploads\/2015\/06\/DSC_0607-e1433846055155.jpg 1000w\" sizes=\"(max-width: 300px) 100vw, 300px\" \/><\/a>\n\t\t\t<\/div>\n\t\t\t\t<figcaption class='wp-caption-text gallery-caption' id='gallery-2-730'>\n\t\t\t\tMarkthalle\n\t\t\t\t<\/figcaption><\/figure><figure class='gallery-item'>\n\t\t\t<div class='gallery-icon portrait'>\n\t\t\t\t<a href='http:\/\/www.lindenhausen.de\/blog\/reiseberichte-landurlaub\/stuttgart-kirchentag-2015-mittwoch\/stuttgart-kirchentag-2015-freitag\/dsc_0609\/'><img width=\"199\" height=\"300\" src=\"http:\/\/www.lindenhausen.de\/blog\/wp-content\/uploads\/2015\/06\/DSC_0609-e1433846079777-199x300.jpg\" class=\"attachment-medium size-medium\" alt=\"\" decoding=\"async\" loading=\"lazy\" aria-describedby=\"gallery-2-731\" srcset=\"http:\/\/www.lindenhausen.de\/blog\/wp-content\/uploads\/2015\/06\/DSC_0609-e1433846079777-199x300.jpg 199w, http:\/\/www.lindenhausen.de\/blog\/wp-content\/uploads\/2015\/06\/DSC_0609-e1433846079777.jpg 662w\" sizes=\"(max-width: 199px) 100vw, 199px\" \/><\/a>\n\t\t\t<\/div>\n\t\t\t\t<figcaption class='wp-caption-text gallery-caption' id='gallery-2-731'>\n\t\t\t\tMarkthalle\n\t\t\t\t<\/figcaption><\/figure><figure class='gallery-item'>\n\t\t\t<div class='gallery-icon landscape'>\n\t\t\t\t<a href='http:\/\/www.lindenhausen.de\/blog\/reiseberichte-landurlaub\/stuttgart-kirchentag-2015-mittwoch\/stuttgart-kirchentag-2015-freitag\/dsc_0610\/'><img width=\"300\" height=\"199\" src=\"http:\/\/www.lindenhausen.de\/blog\/wp-content\/uploads\/2015\/06\/DSC_0610-300x199.jpg\" class=\"attachment-medium size-medium\" alt=\"\" decoding=\"async\" loading=\"lazy\" aria-describedby=\"gallery-2-732\" srcset=\"http:\/\/www.lindenhausen.de\/blog\/wp-content\/uploads\/2015\/06\/DSC_0610-300x199.jpg 300w, http:\/\/www.lindenhausen.de\/blog\/wp-content\/uploads\/2015\/06\/DSC_0610-1024x678.jpg 1024w, http:\/\/www.lindenhausen.de\/blog\/wp-content\/uploads\/2015\/06\/DSC_0610-e1433846094185.jpg 1000w\" sizes=\"(max-width: 300px) 100vw, 300px\" \/><\/a>\n\t\t\t<\/div>\n\t\t\t\t<figcaption class='wp-caption-text gallery-caption' id='gallery-2-732'>\n\t\t\t\tMarkthalle\n\t\t\t\t<\/figcaption><\/figure><figure class='gallery-item'>\n\t\t\t<div class='gallery-icon portrait'>\n\t\t\t\t<a href='http:\/\/www.lindenhausen.de\/blog\/reiseberichte-landurlaub\/stuttgart-kirchentag-2015-mittwoch\/stuttgart-kirchentag-2015-freitag\/img_5844\/'><img width=\"225\" height=\"300\" src=\"http:\/\/www.lindenhausen.de\/blog\/wp-content\/uploads\/2015\/06\/IMG_5844-e1433846114247-225x300.jpg\" class=\"attachment-medium size-medium\" alt=\"\" decoding=\"async\" loading=\"lazy\" aria-describedby=\"gallery-2-733\" srcset=\"http:\/\/www.lindenhausen.de\/blog\/wp-content\/uploads\/2015\/06\/IMG_5844-e1433846114247-225x300.jpg 225w, http:\/\/www.lindenhausen.de\/blog\/wp-content\/uploads\/2015\/06\/IMG_5844-e1433846114247.jpg 750w\" sizes=\"(max-width: 225px) 100vw, 225px\" \/><\/a>\n\t\t\t<\/div>\n\t\t\t\t<figcaption class='wp-caption-text gallery-caption' id='gallery-2-733'>\n\t\t\t\tMarkthalle\n\t\t\t\t<\/figcaption><\/figure>\n\t\t<\/div>\n<br \/>\nNette Tischnachbarn empfohlen mir f\u00fcr den Nachmittag noch einen Abstecher ins Bohnenviertelund erz\u00e4hlten einiges \u00fcber Ihre Heimatstadt.<br \/>\nDie Schlange vorm Rathaussaal war ewig lang und nachdem sich herumsprach das es nur 300 Pl\u00e4tze gibt war schnell klar das die Chancen schlecht standen. Ich blieb dennoch da, in der Hoffnung ganz am Schlu\u00df noch eionen Einzelplatz zu erwischen, aber auch das schlug fehl. Unterhaltsam war es dennoch, Dank einer Jugendgruppe aus der N\u00e4he von Hamburg denen wir bestimmt beim letzten Kirchentag auch schon \u00fcber den Weg gelaufen sind.<br \/>\nAuch wenn ich es hier in Niederbayern in der Diaspora manchmal schwierig finde, es ist eine Erfahrung wert und lehrt Toleranz, was ich dann auch in so manchem Gespr\u00e4ch mit Gl\u00e4ubingen aus den rein evangelischen Gebieten Deutschlands feststellte. Ich kann nur jedem empfehlen mal seine Katholischen Nachbargemeinden zu besuchen, der Moschee und auch der Synagoge in der N\u00e4he einen Besuch abzustatten und das Gesp\u00e4ch zu suchen, das kann uns nur reicher machen.<\/p>\n<p><div id='gallery-3' class='gallery galleryid-662 gallery-columns-2 gallery-size-medium'><figure class='gallery-item'>\n\t\t\t<div class='gallery-icon portrait'>\n\t\t\t\t<a href='http:\/\/www.lindenhausen.de\/blog\/reiseberichte-landurlaub\/stuttgart-kirchentag-2015-mittwoch\/stuttgart-kirchentag-2015-freitag\/dsc_0603\/'><img width=\"199\" height=\"300\" src=\"http:\/\/www.lindenhausen.de\/blog\/wp-content\/uploads\/2015\/06\/DSC_0603-e1433845837192-199x300.jpg\" class=\"attachment-medium size-medium\" alt=\"\" decoding=\"async\" loading=\"lazy\" aria-describedby=\"gallery-3-729\" srcset=\"http:\/\/www.lindenhausen.de\/blog\/wp-content\/uploads\/2015\/06\/DSC_0603-e1433845837192-199x300.jpg 199w, http:\/\/www.lindenhausen.de\/blog\/wp-content\/uploads\/2015\/06\/DSC_0603-e1433845837192.jpg 662w\" sizes=\"(max-width: 199px) 100vw, 199px\" \/><\/a>\n\t\t\t<\/div>\n\t\t\t\t<figcaption class='wp-caption-text gallery-caption' id='gallery-3-729'>\n\t\t\t\tRathaus\n\t\t\t\t<\/figcaption><\/figure><figure class='gallery-item'>\n\t\t\t<div class='gallery-icon portrait'>\n\t\t\t\t<a href='http:\/\/www.lindenhausen.de\/blog\/reiseberichte-landurlaub\/stuttgart-kirchentag-2015-mittwoch\/stuttgart-kirchentag-2015-freitag\/dsc_0585-2\/'><img width=\"199\" height=\"300\" src=\"http:\/\/www.lindenhausen.de\/blog\/wp-content\/uploads\/2015\/06\/DSC_0585-e1433845622767-199x300.jpg\" class=\"attachment-medium size-medium\" alt=\"\" decoding=\"async\" loading=\"lazy\" aria-describedby=\"gallery-3-719\" srcset=\"http:\/\/www.lindenhausen.de\/blog\/wp-content\/uploads\/2015\/06\/DSC_0585-e1433845622767-199x300.jpg 199w, http:\/\/www.lindenhausen.de\/blog\/wp-content\/uploads\/2015\/06\/DSC_0585-e1433845622767.jpg 662w\" sizes=\"(max-width: 199px) 100vw, 199px\" \/><\/a>\n\t\t\t<\/div>\n\t\t\t\t<figcaption class='wp-caption-text gallery-caption' id='gallery-3-719'>\n\t\t\t\t\u00dcberf\u00fcllt\n\t\t\t\t<\/figcaption><\/figure>\n\t\t<\/div>\n<br \/>\nIch war kurz vorm Hitzeschlag und machte mich auf den Weg in das empfohlene Bohnenviertel, Dank einer Baustelle landete ich aber erst einmal im herutergek\u00fchlten Breuniger, mit Champagnerbar und Pianomusik, der Gegensatz zu meinem Outfit h\u00e4tte nicht viel gr\u00f6\u00dfer ausfallen k\u00f6nnen und nachdem mich der Blick des Barkeepers mit hochgezogener Augenbraue erwischte unterlag ich kurz der Versuchung mich hinzusetzen und Champus zu bestellen, nur um sein Gesicht zu sehen&#8230;..aber ich bin ja friedfertig, l\u00e4chelte ihm zu und verlie\u00df auf der anderen Stra\u00dfenseite wieder diese herrlich k\u00fchlen teuren Konsumhallen, nicht ohne auf den klimatisierten Shuttleservice f\u00fcr die, die es sich leisten wollen, zu sto\u00dfen.<br \/>\nIm Bohnenviertel erwartete mich ,was die Stuttgarter unter gem\u00fctlichen kleinen Gassen verstehen, ich gebe es zu, das setzt Regensburg andere Ma\u00dfst\u00e4be, daf\u00fcr kann Stuttgart Shopping besser \ud83d\ude09<br \/>\nAber hier stie\u00df ich auf das Asylcafe und Infos rund um Fluchtwege, Asylsituation in Europa und damit war ich dann doch wieder eine Weile besch\u00e4ftigt.<\/p>\n<p><div id='gallery-4' class='gallery galleryid-662 gallery-columns-3 gallery-size-medium'><figure class='gallery-item'>\n\t\t\t<div class='gallery-icon portrait'>\n\t\t\t\t<a href='http:\/\/www.lindenhausen.de\/blog\/reiseberichte-landurlaub\/stuttgart-kirchentag-2015-mittwoch\/stuttgart-kirchentag-2015-freitag\/img_5845\/'><img width=\"225\" height=\"300\" src=\"http:\/\/www.lindenhausen.de\/blog\/wp-content\/uploads\/2015\/06\/IMG_5845-e1433846993886-225x300.jpg\" class=\"attachment-medium size-medium\" alt=\"\" decoding=\"async\" loading=\"lazy\" aria-describedby=\"gallery-4-736\" srcset=\"http:\/\/www.lindenhausen.de\/blog\/wp-content\/uploads\/2015\/06\/IMG_5845-e1433846993886-225x300.jpg 225w, http:\/\/www.lindenhausen.de\/blog\/wp-content\/uploads\/2015\/06\/IMG_5845-e1433846993886.jpg 750w\" sizes=\"(max-width: 225px) 100vw, 225px\" \/><\/a>\n\t\t\t<\/div>\n\t\t\t\t<figcaption class='wp-caption-text gallery-caption' id='gallery-4-736'>\n\t\t\t\tBreuninger\n\t\t\t\t<\/figcaption><\/figure><figure class='gallery-item'>\n\t\t\t<div class='gallery-icon portrait'>\n\t\t\t\t<a href='http:\/\/www.lindenhausen.de\/blog\/reiseberichte-landurlaub\/stuttgart-kirchentag-2015-mittwoch\/stuttgart-kirchentag-2015-freitag\/img_5848\/'><img width=\"225\" height=\"300\" src=\"http:\/\/www.lindenhausen.de\/blog\/wp-content\/uploads\/2015\/06\/IMG_5848-e1433847019429-225x300.jpg\" class=\"attachment-medium size-medium\" alt=\"\" decoding=\"async\" loading=\"lazy\" aria-describedby=\"gallery-4-737\" srcset=\"http:\/\/www.lindenhausen.de\/blog\/wp-content\/uploads\/2015\/06\/IMG_5848-e1433847019429-225x300.jpg 225w, http:\/\/www.lindenhausen.de\/blog\/wp-content\/uploads\/2015\/06\/IMG_5848-e1433847019429.jpg 750w\" sizes=\"(max-width: 225px) 100vw, 225px\" \/><\/a>\n\t\t\t<\/div>\n\t\t\t\t<figcaption class='wp-caption-text gallery-caption' id='gallery-4-737'>\n\t\t\t\tBreuninger\n\t\t\t\t<\/figcaption><\/figure><figure class='gallery-item'>\n\t\t\t<div class='gallery-icon portrait'>\n\t\t\t\t<a href='http:\/\/www.lindenhausen.de\/blog\/reiseberichte-landurlaub\/stuttgart-kirchentag-2015-mittwoch\/stuttgart-kirchentag-2015-freitag\/img_5851\/'><img width=\"225\" height=\"300\" src=\"http:\/\/www.lindenhausen.de\/blog\/wp-content\/uploads\/2015\/06\/IMG_5851-e1433847040999-225x300.jpg\" class=\"attachment-medium size-medium\" alt=\"\" decoding=\"async\" loading=\"lazy\" aria-describedby=\"gallery-4-738\" srcset=\"http:\/\/www.lindenhausen.de\/blog\/wp-content\/uploads\/2015\/06\/IMG_5851-e1433847040999-225x300.jpg 225w, http:\/\/www.lindenhausen.de\/blog\/wp-content\/uploads\/2015\/06\/IMG_5851-e1433847040999.jpg 750w\" sizes=\"(max-width: 225px) 100vw, 225px\" \/><\/a>\n\t\t\t<\/div>\n\t\t\t\t<figcaption class='wp-caption-text gallery-caption' id='gallery-4-738'>\n\t\t\t\tBreuninger\n\t\t\t\t<\/figcaption><\/figure><figure class='gallery-item'>\n\t\t\t<div class='gallery-icon portrait'>\n\t\t\t\t<a href='http:\/\/www.lindenhausen.de\/blog\/reiseberichte-landurlaub\/stuttgart-kirchentag-2015-mittwoch\/stuttgart-kirchentag-2015-freitag\/dsc_0612\/'><img width=\"199\" height=\"300\" src=\"http:\/\/www.lindenhausen.de\/blog\/wp-content\/uploads\/2015\/06\/DSC_0612-e1433846974211-199x300.jpg\" class=\"attachment-medium size-medium\" alt=\"\" decoding=\"async\" loading=\"lazy\" aria-describedby=\"gallery-4-735\" srcset=\"http:\/\/www.lindenhausen.de\/blog\/wp-content\/uploads\/2015\/06\/DSC_0612-e1433846974211-199x300.jpg 199w, http:\/\/www.lindenhausen.de\/blog\/wp-content\/uploads\/2015\/06\/DSC_0612-e1433846974211.jpg 662w\" sizes=\"(max-width: 199px) 100vw, 199px\" \/><\/a>\n\t\t\t<\/div>\n\t\t\t\t<figcaption class='wp-caption-text gallery-caption' id='gallery-4-735'>\n\t\t\t\tBohnenviertel\n\t\t\t\t<\/figcaption><\/figure><figure class='gallery-item'>\n\t\t\t<div class='gallery-icon portrait'>\n\t\t\t\t<a href='http:\/\/www.lindenhausen.de\/blog\/reiseberichte-landurlaub\/stuttgart-kirchentag-2015-mittwoch\/stuttgart-kirchentag-2015-freitag\/dsc_0611-2\/'><img width=\"199\" height=\"300\" src=\"http:\/\/www.lindenhausen.de\/blog\/wp-content\/uploads\/2015\/06\/DSC_0611-e1433846954173-199x300.jpg\" class=\"attachment-medium size-medium\" alt=\"\" decoding=\"async\" loading=\"lazy\" srcset=\"http:\/\/www.lindenhausen.de\/blog\/wp-content\/uploads\/2015\/06\/DSC_0611-e1433846954173-199x300.jpg 199w, http:\/\/www.lindenhausen.de\/blog\/wp-content\/uploads\/2015\/06\/DSC_0611-e1433846954173.jpg 662w\" sizes=\"(max-width: 199px) 100vw, 199px\" \/><\/a>\n\t\t\t<\/div><\/figure>\n\t\t<\/div>\n<br \/>\nDanach machte ich einen langen Spaziergang durch die Stadt um p\u00fcnklich zu Gerhard Sch\u00f6nes &#8222;Alles mu\u00df klein beginnen&#8220;, beim Feierabendmahl f\u00fcr Familien, im Stadtpark zu landen.<br \/>\nBiertische waren aufgebaut, Brot und Traubensaft wurden geteilt, verschiedene Spielm\u00f6glichkeiten luden die Kinder zum mitmachen ein,ein tolles Angebot f\u00fcr Familien mit kleineren Kindern.<\/p>\n<p><div id='gallery-5' class='gallery galleryid-662 gallery-columns-4 gallery-size-medium'><figure class='gallery-item'>\n\t\t\t<div class='gallery-icon portrait'>\n\t\t\t\t<a href='http:\/\/www.lindenhausen.de\/blog\/reiseberichte-landurlaub\/stuttgart-kirchentag-2015-mittwoch\/stuttgart-kirchentag-2015-freitag\/dsc_0613-2\/'><img width=\"199\" height=\"300\" src=\"http:\/\/www.lindenhausen.de\/blog\/wp-content\/uploads\/2015\/06\/DSC_0613-e1433847514384-199x300.jpg\" class=\"attachment-medium size-medium\" alt=\"\" decoding=\"async\" loading=\"lazy\" aria-describedby=\"gallery-5-739\" srcset=\"http:\/\/www.lindenhausen.de\/blog\/wp-content\/uploads\/2015\/06\/DSC_0613-e1433847514384-199x300.jpg 199w, http:\/\/www.lindenhausen.de\/blog\/wp-content\/uploads\/2015\/06\/DSC_0613-e1433847514384.jpg 662w\" sizes=\"(max-width: 199px) 100vw, 199px\" \/><\/a>\n\t\t\t<\/div>\n\t\t\t\t<figcaption class='wp-caption-text gallery-caption' id='gallery-5-739'>\n\t\t\t\tZentrum Reformation\n\t\t\t\t<\/figcaption><\/figure><figure class='gallery-item'>\n\t\t\t<div class='gallery-icon landscape'>\n\t\t\t\t<a href='http:\/\/www.lindenhausen.de\/blog\/reiseberichte-landurlaub\/stuttgart-kirchentag-2015-mittwoch\/stuttgart-kirchentag-2015-freitag\/dsc_0616\/'><img width=\"300\" height=\"199\" src=\"http:\/\/www.lindenhausen.de\/blog\/wp-content\/uploads\/2015\/06\/DSC_0616-300x199.jpg\" class=\"attachment-medium size-medium\" alt=\"\" decoding=\"async\" loading=\"lazy\" aria-describedby=\"gallery-5-740\" srcset=\"http:\/\/www.lindenhausen.de\/blog\/wp-content\/uploads\/2015\/06\/DSC_0616-300x199.jpg 300w, http:\/\/www.lindenhausen.de\/blog\/wp-content\/uploads\/2015\/06\/DSC_0616-1024x678.jpg 1024w, http:\/\/www.lindenhausen.de\/blog\/wp-content\/uploads\/2015\/06\/DSC_0616-e1433847486968.jpg 1000w\" sizes=\"(max-width: 300px) 100vw, 300px\" \/><\/a>\n\t\t\t<\/div>\n\t\t\t\t<figcaption class='wp-caption-text gallery-caption' id='gallery-5-740'>\n\t\t\t\tSchlo\u00dfplatz\n\t\t\t\t<\/figcaption><\/figure><figure class='gallery-item'>\n\t\t\t<div class='gallery-icon landscape'>\n\t\t\t\t<a href='http:\/\/www.lindenhausen.de\/blog\/reiseberichte-landurlaub\/stuttgart-kirchentag-2015-mittwoch\/stuttgart-kirchentag-2015-freitag\/dsc_0627\/'><img width=\"300\" height=\"199\" src=\"http:\/\/www.lindenhausen.de\/blog\/wp-content\/uploads\/2015\/06\/DSC_0627-300x199.jpg\" class=\"attachment-medium size-medium\" alt=\"\" decoding=\"async\" loading=\"lazy\" aria-describedby=\"gallery-5-745\" srcset=\"http:\/\/www.lindenhausen.de\/blog\/wp-content\/uploads\/2015\/06\/DSC_0627-300x199.jpg 300w, http:\/\/www.lindenhausen.de\/blog\/wp-content\/uploads\/2015\/06\/DSC_0627-1024x678.jpg 1024w, http:\/\/www.lindenhausen.de\/blog\/wp-content\/uploads\/2015\/06\/DSC_0627-e1433847357778.jpg 1000w\" sizes=\"(max-width: 300px) 100vw, 300px\" \/><\/a>\n\t\t\t<\/div>\n\t\t\t\t<figcaption class='wp-caption-text gallery-caption' id='gallery-5-745'>\n\t\t\t\tFamilien-Feierabendmahl\n\t\t\t\t<\/figcaption><\/figure><figure class='gallery-item'>\n\t\t\t<div class='gallery-icon landscape'>\n\t\t\t\t<a href='http:\/\/www.lindenhausen.de\/blog\/reiseberichte-landurlaub\/stuttgart-kirchentag-2015-mittwoch\/stuttgart-kirchentag-2015-freitag\/dsc_0626\/'><img width=\"300\" height=\"199\" src=\"http:\/\/www.lindenhausen.de\/blog\/wp-content\/uploads\/2015\/06\/DSC_0626-300x199.jpg\" class=\"attachment-medium size-medium\" alt=\"\" decoding=\"async\" loading=\"lazy\" srcset=\"http:\/\/www.lindenhausen.de\/blog\/wp-content\/uploads\/2015\/06\/DSC_0626-300x199.jpg 300w, http:\/\/www.lindenhausen.de\/blog\/wp-content\/uploads\/2015\/06\/DSC_0626-1024x678.jpg 1024w, http:\/\/www.lindenhausen.de\/blog\/wp-content\/uploads\/2015\/06\/DSC_0626-e1433847383827.jpg 1000w\" sizes=\"(max-width: 300px) 100vw, 300px\" \/><\/a>\n\t\t\t<\/div><\/figure><figure class='gallery-item'>\n\t\t\t<div class='gallery-icon landscape'>\n\t\t\t\t<a href='http:\/\/www.lindenhausen.de\/blog\/reiseberichte-landurlaub\/stuttgart-kirchentag-2015-mittwoch\/stuttgart-kirchentag-2015-freitag\/dsc_0623\/'><img width=\"300\" height=\"199\" src=\"http:\/\/www.lindenhausen.de\/blog\/wp-content\/uploads\/2015\/06\/DSC_0623-300x199.jpg\" class=\"attachment-medium size-medium\" alt=\"\" decoding=\"async\" loading=\"lazy\" srcset=\"http:\/\/www.lindenhausen.de\/blog\/wp-content\/uploads\/2015\/06\/DSC_0623-300x199.jpg 300w, http:\/\/www.lindenhausen.de\/blog\/wp-content\/uploads\/2015\/06\/DSC_0623-1024x678.jpg 1024w, http:\/\/www.lindenhausen.de\/blog\/wp-content\/uploads\/2015\/06\/DSC_0623-e1433847423458.jpg 1000w\" sizes=\"(max-width: 300px) 100vw, 300px\" \/><\/a>\n\t\t\t<\/div><\/figure><figure class='gallery-item'>\n\t\t\t<div class='gallery-icon landscape'>\n\t\t\t\t<a href='http:\/\/www.lindenhausen.de\/blog\/reiseberichte-landurlaub\/stuttgart-kirchentag-2015-mittwoch\/stuttgart-kirchentag-2015-freitag\/dsc_0620\/'><img width=\"300\" height=\"199\" src=\"http:\/\/www.lindenhausen.de\/blog\/wp-content\/uploads\/2015\/06\/DSC_0620-300x199.jpg\" class=\"attachment-medium size-medium\" alt=\"\" decoding=\"async\" loading=\"lazy\" aria-describedby=\"gallery-5-742\" srcset=\"http:\/\/www.lindenhausen.de\/blog\/wp-content\/uploads\/2015\/06\/DSC_0620-300x199.jpg 300w, http:\/\/www.lindenhausen.de\/blog\/wp-content\/uploads\/2015\/06\/DSC_0620-1024x678.jpg 1024w, http:\/\/www.lindenhausen.de\/blog\/wp-content\/uploads\/2015\/06\/DSC_0620-e1433847440559.jpg 1000w\" sizes=\"(max-width: 300px) 100vw, 300px\" \/><\/a>\n\t\t\t<\/div>\n\t\t\t\t<figcaption class='wp-caption-text gallery-caption' id='gallery-5-742'>\n\t\t\t\tStadtgarten\n\t\t\t\t<\/figcaption><\/figure><figure class='gallery-item'>\n\t\t\t<div class='gallery-icon landscape'>\n\t\t\t\t<a href='http:\/\/www.lindenhausen.de\/blog\/reiseberichte-landurlaub\/stuttgart-kirchentag-2015-mittwoch\/stuttgart-kirchentag-2015-freitag\/dsc_0618-2\/'><img width=\"300\" height=\"199\" src=\"http:\/\/www.lindenhausen.de\/blog\/wp-content\/uploads\/2015\/06\/DSC_0618-300x199.jpg\" class=\"attachment-medium size-medium\" alt=\"\" decoding=\"async\" loading=\"lazy\" aria-describedby=\"gallery-5-741\" srcset=\"http:\/\/www.lindenhausen.de\/blog\/wp-content\/uploads\/2015\/06\/DSC_0618-300x199.jpg 300w, http:\/\/www.lindenhausen.de\/blog\/wp-content\/uploads\/2015\/06\/DSC_0618-1024x678.jpg 1024w, http:\/\/www.lindenhausen.de\/blog\/wp-content\/uploads\/2015\/06\/DSC_0618-e1433847463359.jpg 1000w\" sizes=\"(max-width: 300px) 100vw, 300px\" \/><\/a>\n\t\t\t<\/div>\n\t\t\t\t<figcaption class='wp-caption-text gallery-caption' id='gallery-5-741'>\n\t\t\t\tGerhard Sch\u00f6ne\n\t\t\t\t<\/figcaption><\/figure>\n\t\t<\/div>\n<br \/>\nIch suchte mir dann ersteinmal einen klimatisierten k\u00fchlem Ort um etwas zu trinken bevor ich zur\u00fcck in den Stadtpark ging um mir f\u00fcr das Konzert von Gerhard Sch\u00f6ne einen Platz in der ersten Reihe zu sichern.<br \/>\nDie Wartezeit wurde verk\u00fcrzt mit Kinder-und Mitmachliedern statt Soundcheck, Danke daf\u00fcr.<br \/>\nEigentlich war geplant das Programm &#8222;Ich \u00f6ffne die T\u00fcr weit am Abend&#8220; zu zeigen, da aber statt der ben\u00f6tigten Orgel ein E-Piano geliefert wurde gab es kurzerhand das neue B\u00fchnenprogramm zu h\u00f6ren, neues und vertrautes und zwischendurch statt Pausen ein paar Kinderlieder f\u00fcr die vielen Kleinen die hier noch anwesend waren.<br \/>\nKeine langen Zugaben, kein gro\u00dfer Applaus, wie immer an Kirchentagen bei Gerhard Sch\u00f6ne Konzerten gingen wir hier gemeinsam singend auseinander und nahmen die T\u00f6ne mit in den Sommerabend.<\/p>\n<p><iframe loading=\"lazy\" width=\"604\" height=\"340\" src=\"https:\/\/www.youtube.com\/embed\/y4GEJcdb56U?feature=oembed\" frameborder=\"0\" allowfullscreen><\/iframe><br \/>\nAm Schlo\u00dfplatz sollte es nun den t\u00e4glichen Abendsegen geben, ein Innehalten, Leise werden der vielen Tausenden die sich hier versammelten um im Kerzenschein gemeinsam zu singen, zu beten und den Tag Revue passieren zu lassen.<\/p>\n<div id='gallery-6' class='gallery galleryid-662 gallery-columns-3 gallery-size-medium'><figure class='gallery-item'>\n\t\t\t<div class='gallery-icon landscape'>\n\t\t\t\t<a href='http:\/\/www.lindenhausen.de\/blog\/reiseberichte-landurlaub\/stuttgart-kirchentag-2015-mittwoch\/stuttgart-kirchentag-2015-freitag\/dsc_0629-2\/'><img width=\"300\" height=\"199\" src=\"http:\/\/www.lindenhausen.de\/blog\/wp-content\/uploads\/2015\/06\/DSC_0629-300x199.jpg\" class=\"attachment-medium size-medium\" alt=\"\" decoding=\"async\" loading=\"lazy\" aria-describedby=\"gallery-6-746\" srcset=\"http:\/\/www.lindenhausen.de\/blog\/wp-content\/uploads\/2015\/06\/DSC_0629-300x199.jpg 300w, http:\/\/www.lindenhausen.de\/blog\/wp-content\/uploads\/2015\/06\/DSC_0629-1024x678.jpg 1024w, http:\/\/www.lindenhausen.de\/blog\/wp-content\/uploads\/2015\/06\/DSC_0629-e1433847936521.jpg 1200w\" sizes=\"(max-width: 300px) 100vw, 300px\" \/><\/a>\n\t\t\t<\/div>\n\t\t\t\t<figcaption class='wp-caption-text gallery-caption' id='gallery-6-746'>\n\t\t\t\tGerhard Sch\u00f6ne\n\t\t\t\t<\/figcaption><\/figure><figure class='gallery-item'>\n\t\t\t<div class='gallery-icon landscape'>\n\t\t\t\t<a href='http:\/\/www.lindenhausen.de\/blog\/reiseberichte-landurlaub\/stuttgart-kirchentag-2015-mittwoch\/stuttgart-kirchentag-2015-freitag\/dsc_0633\/'><img width=\"300\" height=\"199\" src=\"http:\/\/www.lindenhausen.de\/blog\/wp-content\/uploads\/2015\/06\/DSC_0633-300x199.jpg\" class=\"attachment-medium size-medium\" alt=\"\" decoding=\"async\" loading=\"lazy\" aria-describedby=\"gallery-6-747\" srcset=\"http:\/\/www.lindenhausen.de\/blog\/wp-content\/uploads\/2015\/06\/DSC_0633-300x199.jpg 300w, http:\/\/www.lindenhausen.de\/blog\/wp-content\/uploads\/2015\/06\/DSC_0633-1024x678.jpg 1024w, http:\/\/www.lindenhausen.de\/blog\/wp-content\/uploads\/2015\/06\/DSC_0633-e1433847919799.jpg 1200w\" sizes=\"(max-width: 300px) 100vw, 300px\" \/><\/a>\n\t\t\t<\/div>\n\t\t\t\t<figcaption class='wp-caption-text gallery-caption' id='gallery-6-747'>\n\t\t\t\tSchlo\u00dfplatz\n\t\t\t\t<\/figcaption><\/figure><figure class='gallery-item'>\n\t\t\t<div class='gallery-icon landscape'>\n\t\t\t\t<a href='http:\/\/www.lindenhausen.de\/blog\/reiseberichte-landurlaub\/stuttgart-kirchentag-2015-mittwoch\/stuttgart-kirchentag-2015-freitag\/dsc_0636-3\/'><img width=\"300\" height=\"199\" src=\"http:\/\/www.lindenhausen.de\/blog\/wp-content\/uploads\/2015\/06\/DSC_0636-300x199.jpg\" class=\"attachment-medium size-medium\" alt=\"\" decoding=\"async\" loading=\"lazy\" aria-describedby=\"gallery-6-748\" srcset=\"http:\/\/www.lindenhausen.de\/blog\/wp-content\/uploads\/2015\/06\/DSC_0636-300x199.jpg 300w, http:\/\/www.lindenhausen.de\/blog\/wp-content\/uploads\/2015\/06\/DSC_0636-1024x678.jpg 1024w, http:\/\/www.lindenhausen.de\/blog\/wp-content\/uploads\/2015\/06\/DSC_0636-e1433847904870.jpg 1200w\" sizes=\"(max-width: 300px) 100vw, 300px\" \/><\/a>\n\t\t\t<\/div>\n\t\t\t\t<figcaption class='wp-caption-text gallery-caption' id='gallery-6-748'>\n\t\t\t\tK\u00f6nigsstra\u00dfe\n\t\t\t\t<\/figcaption><\/figure><figure class='gallery-item'>\n\t\t\t<div class='gallery-icon portrait'>\n\t\t\t\t<a href='http:\/\/www.lindenhausen.de\/blog\/reiseberichte-landurlaub\/stuttgart-kirchentag-2015-mittwoch\/stuttgart-kirchentag-2015-freitag\/dsc_0641-2\/'><img width=\"199\" height=\"300\" src=\"http:\/\/www.lindenhausen.de\/blog\/wp-content\/uploads\/2015\/06\/DSC_0641-e1433847875341-199x300.jpg\" class=\"attachment-medium size-medium\" alt=\"\" decoding=\"async\" loading=\"lazy\" aria-describedby=\"gallery-6-750\" srcset=\"http:\/\/www.lindenhausen.de\/blog\/wp-content\/uploads\/2015\/06\/DSC_0641-e1433847875341-199x300.jpg 199w, http:\/\/www.lindenhausen.de\/blog\/wp-content\/uploads\/2015\/06\/DSC_0641-e1433847875341.jpg 662w\" sizes=\"(max-width: 199px) 100vw, 199px\" \/><\/a>\n\t\t\t<\/div>\n\t\t\t\t<figcaption class='wp-caption-text gallery-caption' id='gallery-6-750'>\n\t\t\t\tAbendsegen\n\t\t\t\t<\/figcaption><\/figure><figure class='gallery-item'>\n\t\t\t<div class='gallery-icon landscape'>\n\t\t\t\t<a href='http:\/\/www.lindenhausen.de\/blog\/reiseberichte-landurlaub\/stuttgart-kirchentag-2015-mittwoch\/stuttgart-kirchentag-2015-freitag\/dsc_0638-2\/'><img width=\"300\" height=\"199\" src=\"http:\/\/www.lindenhausen.de\/blog\/wp-content\/uploads\/2015\/06\/DSC_0638-300x199.jpg\" class=\"attachment-medium size-medium\" alt=\"\" decoding=\"async\" loading=\"lazy\" aria-describedby=\"gallery-6-749\" srcset=\"http:\/\/www.lindenhausen.de\/blog\/wp-content\/uploads\/2015\/06\/DSC_0638-300x199.jpg 300w, http:\/\/www.lindenhausen.de\/blog\/wp-content\/uploads\/2015\/06\/DSC_0638-1024x678.jpg 1024w, http:\/\/www.lindenhausen.de\/blog\/wp-content\/uploads\/2015\/06\/DSC_0638-e1433847888270.jpg 1200w\" sizes=\"(max-width: 300px) 100vw, 300px\" \/><\/a>\n\t\t\t<\/div>\n\t\t\t\t<figcaption class='wp-caption-text gallery-caption' id='gallery-6-749'>\n\t\t\t\tSchlo\u00dfplatz\n\t\t\t\t<\/figcaption><\/figure>\n\t\t<\/div>\n\n<p><iframe loading=\"lazy\" width=\"604\" height=\"340\" src=\"https:\/\/www.youtube.com\/embed\/uQpuGgppe5E?feature=oembed\" frameborder=\"0\" allowfullscreen><\/iframe><br \/>\nWie immer waren jugendliche Helfer unterwegs,versorgten alle mit Kerzen und Liedzetteln, sammelten hinterher auch alles wieder ein, lotsten die Massen in die richtige Richtung und beantworteten geduldig jede Frage. Hier traf ich auf diese jungen Leute aus Dresden die auch zu der sp\u00e4ter Stunde immer noch mit Spa\u00df und Freude am arbeiten waren.<\/p>\n<figure id=\"attachment_751\" aria-describedby=\"caption-attachment-751\" style=\"width: 199px\" class=\"wp-caption alignnone\"><a href=\"http:\/\/www.lindenhausen.de\/blog\/wp-content\/uploads\/2015\/06\/DSC_0643-e1433848029614.jpg\"><img decoding=\"async\" loading=\"lazy\" class=\"size-medium wp-image-751\" src=\"http:\/\/www.lindenhausen.de\/blog\/wp-content\/uploads\/2015\/06\/DSC_0643-e1433848029614-199x300.jpg\" alt=\"Danke an alle Helfer, Ihr wart Klasse :)\" width=\"199\" height=\"300\" srcset=\"http:\/\/www.lindenhausen.de\/blog\/wp-content\/uploads\/2015\/06\/DSC_0643-e1433848029614-199x300.jpg 199w, http:\/\/www.lindenhausen.de\/blog\/wp-content\/uploads\/2015\/06\/DSC_0643-e1433848029614-678x1024.jpg 678w, http:\/\/www.lindenhausen.de\/blog\/wp-content\/uploads\/2015\/06\/DSC_0643-e1433848029614.jpg 795w\" sizes=\"(max-width: 199px) 100vw, 199px\" \/><\/a><figcaption id=\"caption-attachment-751\" class=\"wp-caption-text\">Danke an alle Helfer, Ihr wart Klasse \ud83d\ude42<\/figcaption><\/figure>\n<p>Da dann nat\u00fcrlich die U-Bahn voll war g\u00f6nnte ich mir in einem Cafe mit Blick auf das sch\u00f6ne Stuttgarter Schlo\u00df noch ein Glas Wein und genoss die laue Sommernacht.<br \/>\nAls ich dann endlich auch im Quartier auf meine Luftmatratze fiel schliefen die Jugendlichen schon tief und fest und auch ich war einfach nur noch m\u00fcde nach diesem langen, hei\u00dfen und anstrengendem Tag.<\/p>\n<p><a title=\"Stuttgart- Kirchentag 2015 Samstag\" href=\"http:\/\/www.lindenhausen.de\/blog\/reiseberichte-landurlaub\/stuttgart-kirchentag-2015-mittwoch\/stuttgart-kirchentag-2015-samstag\/\">zum Samstag<\/a><\/p>\n","protected":false},"excerpt":{"rendered":"<p>W\u00e4hrend ich hier diese Zeilen tippe, sitze ich wieder am Rathaus, es ist Samstag 18:00 Unr und nebenan auf der B\u00fchne wird das Abendgebet &#8222;zur Sache&#8220; vorbereitet. Die Glocken der Stiftskirche l\u00e4uten und ein Blick auf die Tagesthemen hier sagt das es um die Proteste am G7 Gipfel, den Tag der Organspende und den Besuch &hellip; <a href=\"http:\/\/www.lindenhausen.de\/blog\/reiseberichte-landurlaub\/stuttgart-kirchentag-2015-mittwoch\/stuttgart-kirchentag-2015-freitag\/\" class=\"more-link\"><span class=\"screen-reader-text\">Stuttgart -Kirchentag 2015 Freitag<\/span> weiterlesen <span class=\"meta-nav\">&rarr;<\/span><\/a><\/p>\n","protected":false},"author":1,"featured_media":713,"parent":657,"menu_order":2,"comment_status":"open","ping_status":"open","template":"","meta":{"_monsterinsights_skip_tracking":false,"_monsterinsights_sitenote_active":false,"_monsterinsights_sitenote_note":"","_monsterinsights_sitenote_category":0},"yoast_head":"<!-- This site is optimized with the Yoast SEO plugin v21.0 - https:\/\/yoast.com\/wordpress\/plugins\/seo\/ -->\n<title>Stuttgart -Kirchentag 2015 Freitag - Lindenhausen-weil Reisen Spa\u00df macht<\/title>\n<meta name=\"robots\" content=\"index, follow, max-snippet:-1, max-image-preview:large, max-video-preview:-1\" \/>\n<link rel=\"canonical\" href=\"http:\/\/www.lindenhausen.de\/blog\/reiseberichte-landurlaub\/stuttgart-kirchentag-2015-mittwoch\/stuttgart-kirchentag-2015-freitag\/\" \/>\n<meta property=\"og:locale\" content=\"de_DE\" \/>\n<meta property=\"og:type\" content=\"article\" \/>\n<meta property=\"og:title\" content=\"Stuttgart -Kirchentag 2015 Freitag - Lindenhausen-weil Reisen Spa\u00df macht\" \/>\n<meta property=\"og:description\" content=\"W\u00e4hrend ich hier diese Zeilen tippe, sitze ich wieder am Rathaus, es ist Samstag 18:00 Unr und nebenan auf der B\u00fchne wird das Abendgebet &#8222;zur Sache&#8220; vorbereitet. Die Glocken der Stiftskirche l\u00e4uten und ein Blick auf die Tagesthemen hier sagt das es um die Proteste am G7 Gipfel, den Tag der Organspende und den Besuch &hellip; Stuttgart -Kirchentag 2015 Freitag weiterlesen &rarr;\" \/>\n<meta property=\"og:url\" content=\"http:\/\/www.lindenhausen.de\/blog\/reiseberichte-landurlaub\/stuttgart-kirchentag-2015-mittwoch\/stuttgart-kirchentag-2015-freitag\/\" \/>\n<meta property=\"og:site_name\" content=\"Lindenhausen-weil Reisen Spa\u00df macht\" \/>\n<meta property=\"article:publisher\" content=\"http:\/\/www.facebook.com\/Lindenhausen\/\" \/>\n<meta property=\"article:modified_time\" content=\"2015-06-09T14:36:55+00:00\" \/>\n<meta property=\"og:image\" content=\"http:\/\/www.lindenhausen.de\/blog\/wp-content\/uploads\/2015\/06\/IMG_5833-e1433842798382.jpg\" \/>\n\t<meta property=\"og:image:width\" content=\"800\" \/>\n\t<meta property=\"og:image:height\" content=\"600\" \/>\n\t<meta property=\"og:image:type\" content=\"image\/jpeg\" \/>\n<meta name=\"twitter:card\" content=\"summary_large_image\" \/>\n<meta name=\"twitter:site\" content=\"@Maxilinde\" \/>\n<meta name=\"twitter:label1\" content=\"Gesch\u00e4tzte Lesezeit\" \/>\n\t<meta name=\"twitter:data1\" content=\"6\u00a0Minuten\" \/>\n<script type=\"application\/ld+json\" class=\"yoast-schema-graph\">{\"@context\":\"https:\/\/schema.org\",\"@graph\":[{\"@type\":\"WebPage\",\"@id\":\"http:\/\/www.lindenhausen.de\/blog\/reiseberichte-landurlaub\/stuttgart-kirchentag-2015-mittwoch\/stuttgart-kirchentag-2015-freitag\/\",\"url\":\"http:\/\/www.lindenhausen.de\/blog\/reiseberichte-landurlaub\/stuttgart-kirchentag-2015-mittwoch\/stuttgart-kirchentag-2015-freitag\/\",\"name\":\"Stuttgart -Kirchentag 2015 Freitag - Lindenhausen-weil Reisen Spa\u00df macht\",\"isPartOf\":{\"@id\":\"http:\/\/www.lindenhausen.de\/blog\/#website\"},\"datePublished\":\"2015-06-08T12:43:33+00:00\",\"dateModified\":\"2015-06-09T14:36:55+00:00\",\"breadcrumb\":{\"@id\":\"http:\/\/www.lindenhausen.de\/blog\/reiseberichte-landurlaub\/stuttgart-kirchentag-2015-mittwoch\/stuttgart-kirchentag-2015-freitag\/#breadcrumb\"},\"inLanguage\":\"de\",\"potentialAction\":[{\"@type\":\"ReadAction\",\"target\":[\"http:\/\/www.lindenhausen.de\/blog\/reiseberichte-landurlaub\/stuttgart-kirchentag-2015-mittwoch\/stuttgart-kirchentag-2015-freitag\/\"]}]},{\"@type\":\"BreadcrumbList\",\"@id\":\"http:\/\/www.lindenhausen.de\/blog\/reiseberichte-landurlaub\/stuttgart-kirchentag-2015-mittwoch\/stuttgart-kirchentag-2015-freitag\/#breadcrumb\",\"itemListElement\":[{\"@type\":\"ListItem\",\"position\":1,\"name\":\"Startseite\",\"item\":\"http:\/\/www.lindenhausen.de\/blog\/\"},{\"@type\":\"ListItem\",\"position\":2,\"name\":\"Reiseberichte Landurlaub\",\"item\":\"http:\/\/www.lindenhausen.de\/blog\/reiseberichte-landurlaub\/\"},{\"@type\":\"ListItem\",\"position\":3,\"name\":\"Stuttgart-Kirchentag 2015 Mittwoch\",\"item\":\"http:\/\/www.lindenhausen.de\/blog\/reiseberichte-landurlaub\/stuttgart-kirchentag-2015-mittwoch\/\"},{\"@type\":\"ListItem\",\"position\":4,\"name\":\"Stuttgart -Kirchentag 2015 Freitag\"}]},{\"@type\":\"WebSite\",\"@id\":\"http:\/\/www.lindenhausen.de\/blog\/#website\",\"url\":\"http:\/\/www.lindenhausen.de\/blog\/\",\"name\":\"Lindenhausen-weil Reisen Spa\u00df macht\",\"description\":\"Reisen und Kreuzfahrten, Reiseberichte, Kreuzfahrtforum\",\"potentialAction\":[{\"@type\":\"SearchAction\",\"target\":{\"@type\":\"EntryPoint\",\"urlTemplate\":\"http:\/\/www.lindenhausen.de\/blog\/?s={search_term_string}\"},\"query-input\":\"required name=search_term_string\"}],\"inLanguage\":\"de\"}]}<\/script>\n<!-- \/ Yoast SEO plugin. -->","yoast_head_json":{"title":"Stuttgart -Kirchentag 2015 Freitag - Lindenhausen-weil Reisen Spa\u00df macht","robots":{"index":"index","follow":"follow","max-snippet":"max-snippet:-1","max-image-preview":"max-image-preview:large","max-video-preview":"max-video-preview:-1"},"canonical":"http:\/\/www.lindenhausen.de\/blog\/reiseberichte-landurlaub\/stuttgart-kirchentag-2015-mittwoch\/stuttgart-kirchentag-2015-freitag\/","og_locale":"de_DE","og_type":"article","og_title":"Stuttgart -Kirchentag 2015 Freitag - Lindenhausen-weil Reisen Spa\u00df macht","og_description":"W\u00e4hrend ich hier diese Zeilen tippe, sitze ich wieder am Rathaus, es ist Samstag 18:00 Unr und nebenan auf der B\u00fchne wird das Abendgebet &#8222;zur Sache&#8220; vorbereitet. Die Glocken der Stiftskirche l\u00e4uten und ein Blick auf die Tagesthemen hier sagt das es um die Proteste am G7 Gipfel, den Tag der Organspende und den Besuch &hellip; Stuttgart -Kirchentag 2015 Freitag weiterlesen &rarr;","og_url":"http:\/\/www.lindenhausen.de\/blog\/reiseberichte-landurlaub\/stuttgart-kirchentag-2015-mittwoch\/stuttgart-kirchentag-2015-freitag\/","og_site_name":"Lindenhausen-weil Reisen Spa\u00df macht","article_publisher":"http:\/\/www.facebook.com\/Lindenhausen\/","article_modified_time":"2015-06-09T14:36:55+00:00","og_image":[{"width":800,"height":600,"url":"http:\/\/www.lindenhausen.de\/blog\/wp-content\/uploads\/2015\/06\/IMG_5833-e1433842798382.jpg","type":"image\/jpeg"}],"twitter_card":"summary_large_image","twitter_site":"@Maxilinde","twitter_misc":{"Gesch\u00e4tzte Lesezeit":"6\u00a0Minuten"},"schema":{"@context":"https:\/\/schema.org","@graph":[{"@type":"WebPage","@id":"http:\/\/www.lindenhausen.de\/blog\/reiseberichte-landurlaub\/stuttgart-kirchentag-2015-mittwoch\/stuttgart-kirchentag-2015-freitag\/","url":"http:\/\/www.lindenhausen.de\/blog\/reiseberichte-landurlaub\/stuttgart-kirchentag-2015-mittwoch\/stuttgart-kirchentag-2015-freitag\/","name":"Stuttgart -Kirchentag 2015 Freitag - Lindenhausen-weil Reisen Spa\u00df macht","isPartOf":{"@id":"http:\/\/www.lindenhausen.de\/blog\/#website"},"datePublished":"2015-06-08T12:43:33+00:00","dateModified":"2015-06-09T14:36:55+00:00","breadcrumb":{"@id":"http:\/\/www.lindenhausen.de\/blog\/reiseberichte-landurlaub\/stuttgart-kirchentag-2015-mittwoch\/stuttgart-kirchentag-2015-freitag\/#breadcrumb"},"inLanguage":"de","potentialAction":[{"@type":"ReadAction","target":["http:\/\/www.lindenhausen.de\/blog\/reiseberichte-landurlaub\/stuttgart-kirchentag-2015-mittwoch\/stuttgart-kirchentag-2015-freitag\/"]}]},{"@type":"BreadcrumbList","@id":"http:\/\/www.lindenhausen.de\/blog\/reiseberichte-landurlaub\/stuttgart-kirchentag-2015-mittwoch\/stuttgart-kirchentag-2015-freitag\/#breadcrumb","itemListElement":[{"@type":"ListItem","position":1,"name":"Startseite","item":"http:\/\/www.lindenhausen.de\/blog\/"},{"@type":"ListItem","position":2,"name":"Reiseberichte Landurlaub","item":"http:\/\/www.lindenhausen.de\/blog\/reiseberichte-landurlaub\/"},{"@type":"ListItem","position":3,"name":"Stuttgart-Kirchentag 2015 Mittwoch","item":"http:\/\/www.lindenhausen.de\/blog\/reiseberichte-landurlaub\/stuttgart-kirchentag-2015-mittwoch\/"},{"@type":"ListItem","position":4,"name":"Stuttgart -Kirchentag 2015 Freitag"}]},{"@type":"WebSite","@id":"http:\/\/www.lindenhausen.de\/blog\/#website","url":"http:\/\/www.lindenhausen.de\/blog\/","name":"Lindenhausen-weil Reisen Spa\u00df macht","description":"Reisen und Kreuzfahrten, Reiseberichte, Kreuzfahrtforum","potentialAction":[{"@type":"SearchAction","target":{"@type":"EntryPoint","urlTemplate":"http:\/\/www.lindenhausen.de\/blog\/?s={search_term_string}"},"query-input":"required name=search_term_string"}],"inLanguage":"de"}]}},"_links":{"self":[{"href":"http:\/\/www.lindenhausen.de\/blog\/wp-json\/wp\/v2\/pages\/662"}],"collection":[{"href":"http:\/\/www.lindenhausen.de\/blog\/wp-json\/wp\/v2\/pages"}],"about":[{"href":"http:\/\/www.lindenhausen.de\/blog\/wp-json\/wp\/v2\/types\/page"}],"author":[{"embeddable":true,"href":"http:\/\/www.lindenhausen.de\/blog\/wp-json\/wp\/v2\/users\/1"}],"replies":[{"embeddable":true,"href":"http:\/\/www.lindenhausen.de\/blog\/wp-json\/wp\/v2\/comments?post=662"}],"version-history":[{"count":13,"href":"http:\/\/www.lindenhausen.de\/blog\/wp-json\/wp\/v2\/pages\/662\/revisions"}],"predecessor-version":[{"id":779,"href":"http:\/\/www.lindenhausen.de\/blog\/wp-json\/wp\/v2\/pages\/662\/revisions\/779"}],"up":[{"embeddable":true,"href":"http:\/\/www.lindenhausen.de\/blog\/wp-json\/wp\/v2\/pages\/657"}],"wp:featuredmedia":[{"embeddable":true,"href":"http:\/\/www.lindenhausen.de\/blog\/wp-json\/wp\/v2\/media\/713"}],"wp:attachment":[{"href":"http:\/\/www.lindenhausen.de\/blog\/wp-json\/wp\/v2\/media?parent=662"}],"curies":[{"name":"wp","href":"https:\/\/api.w.org\/{rel}","templated":true}]}}